{"id":13234,"date":"2024-10-10T11:50:54","date_gmt":"2024-10-10T09:50:54","guid":{"rendered":"https:\/\/camping-savoie-levaugrais.com\/ein-erlebnis-nur-fuer-uns-beide\/wieder-mit-der-natur-verbunden\/"},"modified":"2025-01-04T12:02:25","modified_gmt":"2025-01-04T11:02:25","slug":"wieder-mit-der-natur-verbunden","status":"publish","type":"page","link":"https:\/\/camping-savoie-levaugrais.com\/de\/ein-erlebnis-nur-fuer-uns-beide\/wieder-mit-der-natur-verbunden\/","title":{"rendered":"Wieder mit der Natur verbunden"},"content":{"rendered":"\n<div id=\"bugey\" class=\"wp-block-group\"><div class=\"wp-block-group__inner-container is-layout-flow wp-block-group-is-layout-flow\">\n<div style=\"height:40px\" aria-hidden=\"true\" class=\"wp-block-spacer\"><\/div>\n\n\n\n<h2 class=\"wp-block-heading has-text-align-center\">Wie w\u00e4re es mit einem romantischen Ausflug auf den mythischen Col du Colombier auf 1548 m?<\/h2>\n\n\n<div class=\"wp-block-image\">\n<figure class=\"aligncenter size-large is-resized\"><img loading=\"lazy\" decoding=\"async\" width=\"1024\" height=\"576\" src=\"https:\/\/camping-savoie-levaugrais.com\/wp-content\/uploads\/2025\/01\/partez-a-laventure-en-allemand-13-1024x576.jpg\" alt=\"\" class=\"wp-image-16685\" style=\"width:263px;height:auto\" srcset=\"https:\/\/camping-savoie-levaugrais.com\/wp-content\/uploads\/2025\/01\/partez-a-laventure-en-allemand-13-1024x576.jpg 1024w, https:\/\/camping-savoie-levaugrais.com\/wp-content\/uploads\/2025\/01\/partez-a-laventure-en-allemand-13-300x169.jpg 300w, https:\/\/camping-savoie-levaugrais.com\/wp-content\/uploads\/2025\/01\/partez-a-laventure-en-allemand-13-768x432.jpg 768w, https:\/\/camping-savoie-levaugrais.com\/wp-content\/uploads\/2025\/01\/partez-a-laventure-en-allemand-13-1536x864.jpg 1536w, https:\/\/camping-savoie-levaugrais.com\/wp-content\/uploads\/2025\/01\/partez-a-laventure-en-allemand-13.jpg 1920w\" sizes=\"auto, (max-width: 1024px) 100vw, 1024px\" \/><\/figure>\n<\/div><\/div><\/div>\n\n\n\n<div class=\"wp-block-media-text is-stacked-on-mobile\"><figure class=\"wp-block-media-text__media\"><img loading=\"lazy\" decoding=\"async\" width=\"1024\" height=\"528\" src=\"https:\/\/camping-savoie-levaugrais.com\/wp-content\/uploads\/2025\/01\/IMG_6182-internet-1024x528.jpg\" alt=\"\" class=\"wp-image-15867 size-full\" srcset=\"https:\/\/camping-savoie-levaugrais.com\/wp-content\/uploads\/2025\/01\/IMG_6182-internet-1024x528.jpg 1024w, https:\/\/camping-savoie-levaugrais.com\/wp-content\/uploads\/2025\/01\/IMG_6182-internet-300x155.jpg 300w, https:\/\/camping-savoie-levaugrais.com\/wp-content\/uploads\/2025\/01\/IMG_6182-internet-768x396.jpg 768w, https:\/\/camping-savoie-levaugrais.com\/wp-content\/uploads\/2025\/01\/IMG_6182-internet.jpg 1200w\" sizes=\"auto, (max-width: 1024px) 100vw, 1024px\" \/><\/figure><div class=\"wp-block-media-text__content\">\n<p class=\"has-medium-font-size wp-block-paragraph\">Der Col du Colombier-Pass, der sich in die Ausl\u00e4ufer des Jura schmiegt, erwartet Sie zu einem magischen Abenteuer. Auf dem Gipfel breitet sich ein atemberaubendes Panorama vor Ihren Augen aus: die Alpen, die drei Seen und das glitzernde Wasser des Lac du Bourget, des Lac d&#8217;Annecy und des Lac de Gen\u00e8ve.<\/p>\n\n\n\n<p class=\"has-medium-font-size wp-block-paragraph\">Das Kreuz und der Orientierungstisch f\u00fchren Sie durch die Berge und bieten Ihnen wertvolle Informationen und an klaren Tagen die Erhabenheit des Mont Blanc und des Vercors. Dieser als Espace Naturel Sensible eingestufte Ort enth\u00fcllt eine au\u00dfergew\u00f6hnliche Fauna und Flora.<\/p>\n\n\n\n<p class=\"has-medium-font-size wp-block-paragraph\">Begeben Sie sich auf Wanderwege wie den Circuit des Sioux oder den Circuit des Cr\u00eates und lassen Sie sich von der Chance, einer umherstreifenden G\u00e4mse zu begegnen, verzaubern. Lassen Sie Ihre Schritte in dieser unber\u00fchrten Landschaft einen Traum zeichnen.<\/p>\n<\/div><\/div>\n\n\n\n<div class=\"wp-block-media-text has-media-on-the-right is-stacked-on-mobile\"><div class=\"wp-block-media-text__content\">\n<p class=\"has-medium-font-size wp-block-paragraph\">Zu zweit, eng aneinander gekuschelt, g\u00f6nnen Sie sich einen Sonnenuntergang auf der Spitze des Col du Colombier, einen Moment, in dem die Zeit stillsteht. Der Himmel erstrahlt in tausend Farben, w\u00e4hrend sich die letzten Sonnenstrahlen am Horizont verlieren und eine sanfte und intime Magie erzeugen.<\/p>\n\n\n\n<p class=\"has-medium-font-size wp-block-paragraph\">In dieser Stille treffen sich nur Ihre Blicke, die von der Sch\u00f6nheit der Landschaft und der Liebe, die Sie verbindet, erhellt werden. Genie\u00dfen Sie auf einer Scheibe Brot ein St\u00fcck Comt\u00e9, einen Bleu de Gex und einen delikaten Pinot (in Ma\u00dfen zu genie\u00dfen).<\/p>\n\n\n\n<p class=\"has-medium-font-size wp-block-paragraph\">Beenden Sie dieses Festmahl mit einem Zuckerkuchen mit Pralinen, der Ihr Herz mit einer unvergesslichen S\u00fc\u00dfe vers\u00fc\u00dft. Ein Augenblick, einfach perfekt.<\/p>\n<\/div><figure class=\"wp-block-media-text__media\"><img loading=\"lazy\" decoding=\"async\" width=\"1024\" height=\"528\" src=\"https:\/\/camping-savoie-levaugrais.com\/wp-content\/uploads\/2025\/01\/coucher-de-soleil-col-du-colombier-internet-1024x528.jpg\" alt=\"\" class=\"wp-image-15871 size-full\" srcset=\"https:\/\/camping-savoie-levaugrais.com\/wp-content\/uploads\/2025\/01\/coucher-de-soleil-col-du-colombier-internet-1024x528.jpg 1024w, https:\/\/camping-savoie-levaugrais.com\/wp-content\/uploads\/2025\/01\/coucher-de-soleil-col-du-colombier-internet-300x155.jpg 300w, https:\/\/camping-savoie-levaugrais.com\/wp-content\/uploads\/2025\/01\/coucher-de-soleil-col-du-colombier-internet-768x396.jpg 768w, https:\/\/camping-savoie-levaugrais.com\/wp-content\/uploads\/2025\/01\/coucher-de-soleil-col-du-colombier-internet.jpg 1200w\" sizes=\"auto, (max-width: 1024px) 100vw, 1024px\" \/><\/figure><\/div>\n\n\n\t\t\t<div id=\"sevgallery-542558378\" class=\"sev-diaporama sev-diaporama-portfolio\">\n\t\t\t<div class=\"row\">\n\n\t\t\t\n\t\t\t\t\n\t\t\t\t<div class=\"sev-diaporama-portfolio-item col-12 col-lg  col-grow\">\n\t\t\t\t\t<!--<a href=\"https:\/\/camping-savoie-levaugrais.com\/wp-content\/uploads\/2021\/09\/GCAT_059285_HD-1.jpg\" data-lightbox=\"sevgallery-542558378\" style=\"background-image: url(https:\/\/camping-savoie-levaugrais.com\/wp-content\/uploads\/2021\/09\/GCAT_059285_HD-1.jpg)\">-->\n\t\t\t\t\t<a href=\"https:\/\/camping-savoie-levaugrais.com\/wp-content\/uploads\/2021\/09\/GCAT_059285_HD-1.jpg\" data-lightbox=\"sevgallery-542558378\">\n\t\t\t\t\t\t<img decoding=\"async\" src=\"https:\/\/camping-savoie-levaugrais.com\/wp-content\/uploads\/2021\/09\/GCAT_059285_HD-1.jpg\" alt=\"radonn\u00e9es en couple en savoie\" loading=\"lazy\">\n\t\t\t\t\t<\/a>\n\t\t\t\t<\/div>\n\n\t\t\t\t\n\t\t\t\t\t\t\t\t\t\t\t\n\t\t\t\t\n\t\t\t\t<div class=\"sev-diaporama-portfolio-item col-12 col-lg  col-grow\">\n\t\t\t\t\t<!--<a href=\"https:\/\/camping-savoie-levaugrais.com\/wp-content\/uploads\/2021\/09\/GCAT_059362_HD.jpg\" data-lightbox=\"sevgallery-542558378\" style=\"background-image: url(https:\/\/camping-savoie-levaugrais.com\/wp-content\/uploads\/2021\/09\/GCAT_059362_HD.jpg)\">-->\n\t\t\t\t\t<a href=\"https:\/\/camping-savoie-levaugrais.com\/wp-content\/uploads\/2021\/09\/GCAT_059362_HD.jpg\" data-lightbox=\"sevgallery-542558378\">\n\t\t\t\t\t\t<img decoding=\"async\" src=\"https:\/\/camping-savoie-levaugrais.com\/wp-content\/uploads\/2021\/09\/GCAT_059362_HD.jpg\" alt=\"radonn\u00e9es en couple en savoie col du grand colombier\" loading=\"lazy\">\n\t\t\t\t\t<\/a>\n\t\t\t\t<\/div>\n\n\t\t\t\t\n\t\t\t\t\t\t\t\t\t\t\t\n\t\t\t\t\n\t\t\t\t<div class=\"sev-diaporama-portfolio-item col-12 col-lg \">\n\t\t\t\t\t<!--<a href=\"https:\/\/camping-savoie-levaugrais.com\/wp-content\/uploads\/2021\/09\/GCAT_059365_HD.jpg\" data-lightbox=\"sevgallery-542558378\" style=\"background-image: url(https:\/\/camping-savoie-levaugrais.com\/wp-content\/uploads\/2021\/09\/GCAT_059365_HD.jpg)\">-->\n\t\t\t\t\t<a href=\"https:\/\/camping-savoie-levaugrais.com\/wp-content\/uploads\/2021\/09\/GCAT_059365_HD.jpg\" data-lightbox=\"sevgallery-542558378\">\n\t\t\t\t\t\t<img decoding=\"async\" src=\"https:\/\/camping-savoie-levaugrais.com\/wp-content\/uploads\/2021\/09\/GCAT_059365_HD.jpg\" alt=\"radonn\u00e9es en couple en savoie\" loading=\"lazy\">\n\t\t\t\t\t<\/a>\n\t\t\t\t<\/div>\n\n\t\t\t\t\n\t\t\t\t\t\t\t\t\t\t\t\n\t\t\t\t\n\t\t\t\t<div class=\"sev-diaporama-portfolio-item col-12 col-lg \">\n\t\t\t\t\t<!--<a href=\"https:\/\/camping-savoie-levaugrais.com\/wp-content\/uploads\/2023\/11\/colombier-aintourisme-6.jpg\" data-lightbox=\"sevgallery-542558378\" style=\"background-image: url(https:\/\/camping-savoie-levaugrais.com\/wp-content\/uploads\/2023\/11\/colombier-aintourisme-6.jpg)\">-->\n\t\t\t\t\t<a href=\"https:\/\/camping-savoie-levaugrais.com\/wp-content\/uploads\/2023\/11\/colombier-aintourisme-6.jpg\" data-lightbox=\"sevgallery-542558378\">\n\t\t\t\t\t\t<img decoding=\"async\" src=\"https:\/\/camping-savoie-levaugrais.com\/wp-content\/uploads\/2023\/11\/colombier-aintourisme-6.jpg\" alt=\"montagn\" loading=\"lazy\">\n\t\t\t\t\t<\/a>\n\t\t\t\t<\/div>\n\n\t\t\t\t\t\t\t\t\t<div class=\"w-100\"><\/div>\n\t\t\t\t\t\t\t\t\t\n\t\t\t\t\t\t\t\t\t\t\t\n\t\t\t\t\n\t\t\t\t<div class=\"sev-diaporama-portfolio-item col-12 col-lg  col-shrink\">\n\t\t\t\t\t<!--<a href=\"https:\/\/camping-savoie-levaugrais.com\/wp-content\/uploads\/2023\/11\/montagnefamille3jpg-1.jpg\" data-lightbox=\"sevgallery-542558378\" style=\"background-image: url(https:\/\/camping-savoie-levaugrais.com\/wp-content\/uploads\/2023\/11\/montagnefamille3jpg-1.jpg)\">-->\n\t\t\t\t\t<a href=\"https:\/\/camping-savoie-levaugrais.com\/wp-content\/uploads\/2023\/11\/montagnefamille3jpg-1.jpg\" data-lightbox=\"sevgallery-542558378\">\n\t\t\t\t\t\t<img decoding=\"async\" src=\"https:\/\/camping-savoie-levaugrais.com\/wp-content\/uploads\/2023\/11\/montagnefamille3jpg-1.jpg\" alt=\"montagne\" loading=\"lazy\">\n\t\t\t\t\t<\/a>\n\t\t\t\t<\/div>\n\n\t\t\t\t\n\t\t\t\t\t\t\t\t\t\t\t\n\t\t\t\t\n\t\t\t\t<div class=\"sev-diaporama-portfolio-item col-12 col-lg  col-shrink\">\n\t\t\t\t\t<!--<a href=\"https:\/\/camping-savoie-levaugrais.com\/wp-content\/uploads\/2024\/12\/GCAT_053747_HD-internet-1.jpg\" data-lightbox=\"sevgallery-542558378\" style=\"background-image: url(https:\/\/camping-savoie-levaugrais.com\/wp-content\/uploads\/2024\/12\/GCAT_053747_HD-internet-1.jpg)\">-->\n\t\t\t\t\t<a href=\"https:\/\/camping-savoie-levaugrais.com\/wp-content\/uploads\/2024\/12\/GCAT_053747_HD-internet-1.jpg\" data-lightbox=\"sevgallery-542558378\">\n\t\t\t\t\t\t<img decoding=\"async\" src=\"https:\/\/camping-savoie-levaugrais.com\/wp-content\/uploads\/2024\/12\/GCAT_053747_HD-internet-1.jpg\" alt=\"pique nique savoyard \u00e0 base de fromage , vin , et charcuterie de la r\u00e9gion pour d\u00e9marrer une jolie balade \" loading=\"lazy\">\n\t\t\t\t\t<\/a>\n\t\t\t\t<\/div>\n\n\t\t\t\t\n\t\t\t\t\t\t\t\t\t\t\t\n\t\t\t\t\n\t\t\t\t<div class=\"sev-diaporama-portfolio-item col-12 col-lg \">\n\t\t\t\t\t<!--<a href=\"https:\/\/camping-savoie-levaugrais.com\/wp-content\/uploads\/2024\/12\/GCAT_059351_HD-internet.jpg\" data-lightbox=\"sevgallery-542558378\" style=\"background-image: url(https:\/\/camping-savoie-levaugrais.com\/wp-content\/uploads\/2024\/12\/GCAT_059351_HD-internet.jpg)\">-->\n\t\t\t\t\t<a href=\"https:\/\/camping-savoie-levaugrais.com\/wp-content\/uploads\/2024\/12\/GCAT_059351_HD-internet.jpg\" data-lightbox=\"sevgallery-542558378\">\n\t\t\t\t\t\t<img decoding=\"async\" src=\"https:\/\/camping-savoie-levaugrais.com\/wp-content\/uploads\/2024\/12\/GCAT_059351_HD-internet.jpg\" alt=\"balade \u00e0 pied au massif du Colombier\" loading=\"lazy\">\n\t\t\t\t\t<\/a>\n\t\t\t\t<\/div>\n\n\t\t\t\t\n\t\t\t\t\t\t\t\t\t\t\t\n\t\t\t\t\n\t\t\t\t<div class=\"sev-diaporama-portfolio-item col-12 col-lg  col-grow\">\n\t\t\t\t\t<!--<a href=\"https:\/\/camping-savoie-levaugrais.com\/wp-content\/uploads\/2024\/12\/GCAT_056553_HD-internet.jpg\" data-lightbox=\"sevgallery-542558378\" style=\"background-image: url(https:\/\/camping-savoie-levaugrais.com\/wp-content\/uploads\/2024\/12\/GCAT_056553_HD-internet.jpg)\">-->\n\t\t\t\t\t<a href=\"https:\/\/camping-savoie-levaugrais.com\/wp-content\/uploads\/2024\/12\/GCAT_056553_HD-internet.jpg\" data-lightbox=\"sevgallery-542558378\">\n\t\t\t\t\t\t<img decoding=\"async\" src=\"https:\/\/camping-savoie-levaugrais.com\/wp-content\/uploads\/2024\/12\/GCAT_056553_HD-internet.jpg\" alt=\"balade \u00e0 pied au massif du Colombier\" loading=\"lazy\">\n\t\t\t\t\t<\/a>\n\t\t\t\t<\/div>\n\n\t\t\t\t\t\t\t\t\t<div class=\"w-100\"><\/div>\n\t\t\t\t\t\t\t\t\t\n\t\t\t\t\t\t\t\t\t\t\t\n\t\t\t\t\n\t\t\t\t<div class=\"sev-diaporama-portfolio-item col-12 col-lg  col-shrink\">\n\t\t\t\t\t<!--<a href=\"https:\/\/camping-savoie-levaugrais.com\/wp-content\/uploads\/2024\/12\/GCAT_053892_HD-internet.jpg\" data-lightbox=\"sevgallery-542558378\" style=\"background-image: url(https:\/\/camping-savoie-levaugrais.com\/wp-content\/uploads\/2024\/12\/GCAT_053892_HD-internet.jpg)\">-->\n\t\t\t\t\t<a href=\"https:\/\/camping-savoie-levaugrais.com\/wp-content\/uploads\/2024\/12\/GCAT_053892_HD-internet.jpg\" data-lightbox=\"sevgallery-542558378\">\n\t\t\t\t\t\t<img decoding=\"async\" src=\"https:\/\/camping-savoie-levaugrais.com\/wp-content\/uploads\/2024\/12\/GCAT_053892_HD-internet.jpg\" alt=\"balade \u00e0 pied au massif du Colombier\" loading=\"lazy\">\n\t\t\t\t\t<\/a>\n\t\t\t\t<\/div>\n\n\t\t\t\t\n\t\t\t\t\t\t\t\t\t\t\t\n\t\t\t\t\n\t\t\t\t<div class=\"sev-diaporama-portfolio-item col-12 col-lg \">\n\t\t\t\t\t<!--<a href=\"https:\/\/camping-savoie-levaugrais.com\/wp-content\/uploads\/2024\/12\/GCAT_056433_HD-internet.jpg\" data-lightbox=\"sevgallery-542558378\" style=\"background-image: url(https:\/\/camping-savoie-levaugrais.com\/wp-content\/uploads\/2024\/12\/GCAT_056433_HD-internet.jpg)\">-->\n\t\t\t\t\t<a href=\"https:\/\/camping-savoie-levaugrais.com\/wp-content\/uploads\/2024\/12\/GCAT_056433_HD-internet.jpg\" data-lightbox=\"sevgallery-542558378\">\n\t\t\t\t\t\t<img decoding=\"async\" src=\"https:\/\/camping-savoie-levaugrais.com\/wp-content\/uploads\/2024\/12\/GCAT_056433_HD-internet.jpg\" alt=\"balade en famille sur la sambuy\" loading=\"lazy\">\n\t\t\t\t\t<\/a>\n\t\t\t\t<\/div>\n\n\t\t\t\t\n\t\t\t\t\t\t\t\t\t\t\t\t\t\t<\/div>\n\t\t\t<\/div>\n\n\t\t\t<script>\n\t\t\tjQuery(function($) {\n\n\t\t\t\tvar marginPortfolio = function() {\n\n\t\t\t\t\tvar $diapo          = $('#sevgallery-542558378');\n\t\t\t\t\tvar container_width = $diapo.parent().outerWidth();\n\t\t\t\t\tvar side            = ( $(window).innerWidth() - container_width ) \/ 2;\n\n\t\t\t\t\t$diapo.css( {\n\t\t\t\t\t\t'margin-left': '-' + side + 'px',\n\t\t\t\t\t\t'margin-right': '-' + side + 'px',\n\t\t\t\t\t} );\n\t\t\t\t};\n\n\t\t\t\t$( window ).resize( function() {\n\t\t\t\t\tmarginPortfolio();\n\t\t\t\t} );\n\t\t\t\tmarginPortfolio();\n\t\t\t});\n\t\t\t<\/script>\n\t\t\t\n","protected":false},"excerpt":{"rendered":"<p>Wie w\u00e4re es mit einem romantischen Ausflug auf den mythischen Col du Colombier auf 1548 m? Der Col du Colombier-Pass, der sich in die Ausl\u00e4ufer des Jura schmiegt, erwartet Sie zu einem magischen Abenteuer. Auf dem Gipfel breitet sich ein atemberaubendes Panorama vor Ihren Augen aus: die Alpen, die drei Seen und das glitzernde Wasser [&hellip;]<\/p>\n","protected":false},"author":1,"featured_media":0,"parent":13193,"menu_order":0,"comment_status":"closed","ping_status":"closed","template":"","meta":{"_seopress_robots_primary_cat":"","_seopress_titles_title":"Ausflug zu zweit auf dem Col du Colombier - Le Vaugrais","_seopress_titles_desc":"Auf dem Gipfel angekommen, werden Sie von dem Panorama \u00fcberw\u00e4ltigt sein, das sich Ihren Augen bietet. Urlaub auf dem Campingplatz Le Vaugrais mit Pool und Restaurant.","_seopress_robots_index":"","_crdt_document":"","footnotes":""},"class_list":["post-13234","page","type-page","status-publish","hentry"],"_links":{"self":[{"href":"https:\/\/camping-savoie-levaugrais.com\/de\/wp-json\/wp\/v2\/pages\/13234","targetHints":{"allow":["GET"]}}],"collection":[{"href":"https:\/\/camping-savoie-levaugrais.com\/de\/wp-json\/wp\/v2\/pages"}],"about":[{"href":"https:\/\/camping-savoie-levaugrais.com\/de\/wp-json\/wp\/v2\/types\/page"}],"author":[{"embeddable":true,"href":"https:\/\/camping-savoie-levaugrais.com\/de\/wp-json\/wp\/v2\/users\/1"}],"replies":[{"embeddable":true,"href":"https:\/\/camping-savoie-levaugrais.com\/de\/wp-json\/wp\/v2\/comments?post=13234"}],"version-history":[{"count":4,"href":"https:\/\/camping-savoie-levaugrais.com\/de\/wp-json\/wp\/v2\/pages\/13234\/revisions"}],"predecessor-version":[{"id":16689,"href":"https:\/\/camping-savoie-levaugrais.com\/de\/wp-json\/wp\/v2\/pages\/13234\/revisions\/16689"}],"up":[{"embeddable":true,"href":"https:\/\/camping-savoie-levaugrais.com\/de\/wp-json\/wp\/v2\/pages\/13193"}],"wp:attachment":[{"href":"https:\/\/camping-savoie-levaugrais.com\/de\/wp-json\/wp\/v2\/media?parent=13234"}],"curies":[{"name":"wp","href":"https:\/\/api.w.org\/{rel}","templated":true}]}}